{"id":721,"date":"2018-09-12T15:26:36","date_gmt":"2018-09-12T18:26:36","guid":{"rendered":"https:\/\/cgr.ufpr.br\/portal\/?page_id=721"},"modified":"2024-09-26T15:54:37","modified_gmt":"2024-09-26T18:54:37","slug":"relatorios","status":"publish","type":"page","link":"https:\/\/cgr.ufpr.br\/portal\/relatorios\/","title":{"rendered":"Relat\u00f3rios"},"content":{"rendered":"<h2 style=\"background: #E8E8E8; margin-top: 48px; padding-left: 8px;\">Levantamento iESGO 2024<\/h2>\n<h4>TCU<\/h4>\n<blockquote>\n<p>Levantamento de Governan\u00e7a e Gest\u00e3o P\u00fablicas 2024 (Ac\u00f3rd\u00e3o 1913\/2024-TCU-Plen\u00e1rio) &#8211; <a title=\"Clique para baixar\" href=\"https:\/\/cgr.ufpr.br\/portal\/wp-content\/uploads\/2024\/09\/iESGo2024-168-UFPR-2.pdf\">Relat\u00f3rio individual da autoavalia\u00e7\u00e3o<\/a><\/p>\n<\/blockquote>\n<h2 style=\"background: #E8E8E8; margin-top: 48px; padding-left: 8px;\">Levantamento iGG 2021<\/h2>\n<h4>TCU<\/h4>\n<blockquote>\n<p>Levantamento de Governan\u00e7a e Gest\u00e3o P\u00fablicas 2021 (Ac\u00f3rd\u00e3o 2164\/2021-TCU-Plen\u00e1rio) &#8211; <a title=\"Clique para baixar\" href=\"https:\/\/cgr.ufpr.br\/portal\/wp-content\/uploads\/2024\/09\/iGG2021-168-UFPR.pdf\">Relat\u00f3rio individual da autoavalia\u00e7\u00e3o<\/a><\/p>\n<\/blockquote>\n<h2 style=\"background: #E8E8E8; margin-top: 48px; padding-left: 8px;\">Levantamento iGG 2018<\/h2>\n<h4>TCU<\/h4>\n<blockquote>\n<p>Levantamento de Governan\u00e7a e Gest\u00e3o P\u00fablicas 2018 (Ac\u00f3rd\u00e3o 2699\/2018-TCU-Plen\u00e1rio) &#8211; <a title=\"Clique para baixar\" href=\"https:\/\/cgr.ufpr.br\/portal\/wp-content\/uploads\/2019\/12\/168-UFPR-Universidade-Federal-do-Paran\u00e1-1.pdf\">Relat\u00f3rio individual da autoavalia\u00e7\u00e3o<\/a><\/p>\n<\/blockquote>\n<h2 style=\"background: #E8E8E8; margin-top: 48px; padding-left: 8px;\">Levantamento iGG 2017<\/h2>\n<h4>TCU<\/h4>\n<blockquote>\n<p>Levantamento de Governan\u00e7a e Gest\u00e3o P\u00fablicas 2017 (Ac\u00f3rd\u00e3o 588\/2018-TCU-Plen\u00e1rio) &#8211; <a title=\"Clique para baixar\" href=\"https:\/\/cgr.ufpr.br\/portal\/wp-content\/uploads\/2018\/09\/TCU-GOVERNANCA-PERFIL-168-UFPR-Universidade_Federal_do_Parana-2017.pdf\">Relat\u00f3rio individual da autoavalia\u00e7\u00e3o<\/a><\/p>\n<\/blockquote>\n\n\n<figure class=\"wp-block-image size-full\"><img loading=\"lazy\" decoding=\"async\" width=\"804\" height=\"57\" src=\"https:\/\/cgr.ufpr.br\/portal\/wp-content\/uploads\/2024\/09\/branco.jpg\" alt=\"\" class=\"wp-image-2183\" srcset=\"https:\/\/cgr.ufpr.br\/portal\/wp-content\/uploads\/2024\/09\/branco.jpg 804w, https:\/\/cgr.ufpr.br\/portal\/wp-content\/uploads\/2024\/09\/branco-300x21.jpg 300w, https:\/\/cgr.ufpr.br\/portal\/wp-content\/uploads\/2024\/09\/branco-768x54.jpg 768w\" sizes=\"auto, (max-width: 804px) 100vw, 804px\" \/><\/figure>\n\n\n\n<p>Os relat\u00f3rios ou outros documentos podem ser extra\u00eddos diretamente da p\u00e1gina do TCU (<a href=\"https:\/\/iesgo.tcu.gov.br\/\">link<\/a>)<\/p>\n\n\n\n<figure class=\"wp-block-image size-full\"><img loading=\"lazy\" decoding=\"async\" width=\"804\" height=\"57\" src=\"https:\/\/cgr.ufpr.br\/portal\/wp-content\/uploads\/2024\/09\/branco-1.jpg\" alt=\"\" class=\"wp-image-2184\" srcset=\"https:\/\/cgr.ufpr.br\/portal\/wp-content\/uploads\/2024\/09\/branco-1.jpg 804w, https:\/\/cgr.ufpr.br\/portal\/wp-content\/uploads\/2024\/09\/branco-1-300x21.jpg 300w, https:\/\/cgr.ufpr.br\/portal\/wp-content\/uploads\/2024\/09\/branco-1-768x54.jpg 768w\" sizes=\"auto, (max-width: 804px) 100vw, 804px\" \/><\/figure>\n","protected":false},"excerpt":{"rendered":"<p>Levantamento iESGO 2024 TCU Levantamento de Governan\u00e7a e Gest\u00e3o P\u00fablicas 2024 (Ac\u00f3rd\u00e3o 1913\/2024-TCU-Plen\u00e1rio) &#8211; Relat\u00f3rio individual da autoavalia\u00e7\u00e3o Levantamento iGG 2021 TCU Levantamento de Governan\u00e7a e Gest\u00e3o P\u00fablicas 2021 (Ac\u00f3rd\u00e3o 2164\/2021-TCU-Plen\u00e1rio) &#8211; Relat\u00f3rio individual da autoavalia\u00e7\u00e3o Levantamento iGG 2018 TCU Levantamento de Governan\u00e7a e Gest\u00e3o P\u00fablicas 2018 (Ac\u00f3rd\u00e3o 2699\/2018-TCU-Plen\u00e1rio) &#8211; Relat\u00f3rio individual da autoavalia\u00e7\u00e3o Levantamento [&hellip;]<\/p>\n","protected":false},"author":8,"featured_media":0,"parent":0,"menu_order":0,"comment_status":"closed","ping_status":"closed","template":"","meta":{"footnotes":""},"class_list":["post-721","page","type-page","status-publish","hentry"],"_links":{"self":[{"href":"https:\/\/cgr.ufpr.br\/portal\/wp-json\/wp\/v2\/pages\/721","targetHints":{"allow":["GET"]}}],"collection":[{"href":"https:\/\/cgr.ufpr.br\/portal\/wp-json\/wp\/v2\/pages"}],"about":[{"href":"https:\/\/cgr.ufpr.br\/portal\/wp-json\/wp\/v2\/types\/page"}],"author":[{"embeddable":true,"href":"https:\/\/cgr.ufpr.br\/portal\/wp-json\/wp\/v2\/users\/8"}],"replies":[{"embeddable":true,"href":"https:\/\/cgr.ufpr.br\/portal\/wp-json\/wp\/v2\/comments?post=721"}],"version-history":[{"count":9,"href":"https:\/\/cgr.ufpr.br\/portal\/wp-json\/wp\/v2\/pages\/721\/revisions"}],"predecessor-version":[{"id":2185,"href":"https:\/\/cgr.ufpr.br\/portal\/wp-json\/wp\/v2\/pages\/721\/revisions\/2185"}],"wp:attachment":[{"href":"https:\/\/cgr.ufpr.br\/portal\/wp-json\/wp\/v2\/media?parent=721"}],"curies":[{"name":"wp","href":"https:\/\/api.w.org\/{rel}","templated":true}]}}